{"id":37,"date":"2021-12-28T13:32:37","date_gmt":"2021-12-28T13:32:37","guid":{"rendered":"https:\/\/wp.esmero.de\/?page_id=37"},"modified":"2026-01-29T23:25:48","modified_gmt":"2026-01-29T23:25:48","slug":"about","status":"publish","type":"page","link":"https:\/\/esmero.de\/en\/about\/","title":{"rendered":"Unternehmen"},"content":{"rendered":"<section class=\"l-section wpb_row height_medium color_secondary with_img with_shape\"><div class=\"l-section-img\" role=\"img\" aria-label=\"Image\" data-img-width=\"2500\" data-img-height=\"2500\" style=\"background-image: url(https:\/\/esmero.de\/wp-content\/uploads\/2021\/12\/Polygone-blau.png);\"><\/div><div class=\"l-section-overlay\" style=\"background:rgba(0,0,0,0.45)\"><\/div><div class=\"l-section-shape type_triangle pos_bottom\" style=\"height:6vh;\"><svg xmlns=\"http:\/\/www.w3.org\/2000\/svg\" viewBox=\"0 0 64 8\" preserveAspectRatio=\"none\" width=\"100%\" height=\"100%\">\r\n\t<path fill=\"currentColor\" d=\"M64 8 L0 8 L0 0 L32 7.9 L64 0 Z\"\/>\r\n<\/svg><\/div><div class=\"l-section-h i-cf\"><div class=\"g-cols vc_row via_flex valign_top type_default stacking_default\"><div class=\"vc_col-sm-12 wpb_column vc_column_container\"><div class=\"vc_column-inner us_custom_60e9caca us_animate_this\"><div class=\"wpb_wrapper\"><div class=\"w-image align_center\"><div class=\"w-image-h\"><img decoding=\"async\" width=\"600\" height=\"171\" src=\"https:\/\/esmero.de\/wp-content\/uploads\/2021\/12\/Esmero-Logo_3500px_weiss_-600x171.png\" class=\"attachment-shop_single size-shop_single\" alt=\"\" loading=\"lazy\" srcset=\"https:\/\/esmero.de\/wp-content\/uploads\/2021\/12\/Esmero-Logo_3500px_weiss_-600x171.png 600w, https:\/\/esmero.de\/wp-content\/uploads\/2021\/12\/Esmero-Logo_3500px_weiss_-300x86.png 300w, https:\/\/esmero.de\/wp-content\/uploads\/2021\/12\/Esmero-Logo_3500px_weiss_-1024x293.png 1024w, https:\/\/esmero.de\/wp-content\/uploads\/2021\/12\/Esmero-Logo_3500px_weiss_-450x129.png 450w\" sizes=\"auto, (max-width: 600px) 100vw, 600px\" \/><\/div><\/div><div class=\"w-separator size_large\"><\/div><div class=\"wpb_text_column\"><div class=\"wpb_wrapper\"><p><strong>ESMERO <\/strong>wurde im Jahr 2009 von Kai Schmidt noch unter dem Namen Panoramapoint gegr\u00fcndet. Im Laufe der Jahre hat sich das Portfolio stark erweitert, sodass wir dem Namen nicht mehr entsprachen. Als inzwischen professioneller IT-Dienstleister haben wir neben unseren etablierten Mitarbeitern einen stabilen Stamm an freien Mitarbeitern gewinnen k\u00f6nnen. So sind wir f\u00fcr jede Herausforderung ger\u00fcstet.<br \/>\nUnsere Strukturen sind schlank. So k\u00f6nnen Entscheidungen rasch getroffen werden. Das unterscheidet uns von anderen Anbietern und wird von Partnern und Kunden sehr gesch\u00e4tzt. Im Laufe der letzten Jahre haben wir durch zahlreiche IT-Projekte viele zufriedene Kunden gewinnen k\u00f6nnen, die oftmals die unterschiedlichsten Anforderungen an uns gestellt haben.<\/p>\n<p><strong>Warum ESMERO?<\/strong><br \/>\n<strong>ESMERO<\/strong> ist spanisch und bedeutet Gewissenhaftigkeit, Genauigkeit, Sorgfalt und Pflege. Das beschreibt genau unser Motto nachdem wir arbeiten und unsere Services anbieten. Genauso ist auch der Kontakt zu unseren Kunden, die Abwicklung unserer Projekte und die Arbeit an unseren Produkten.<\/p>\n<p>Seit Mitte 2020 wird <strong>ESMERO<\/strong> durch Alexander Schieberle verst\u00e4rkt. Seine Kompetenzen sind inzwischen ein integraler Bestandteil von <strong>ESMERO<\/strong> geworden und haben entscheidend zum Wachstum und vor allem zur Erweiterung unserer Expertise beigetragen. Um der Zusammenarbeit eine gemeinsame Basis und vor allem mehr Handlungs- und Entwicklungsspielraum zu erm\u00f6glichen, haben Kai Schmidt und Alexander Schieberle Ende 2021 die <strong>ESMERO UG<\/strong> gegr\u00fcndet.<\/p>\n<p>Im Januar 2025 haben wir dann gemeinsam entschieden die <strong>ESMERO UG<\/strong> in die <strong>ESMERO GmbH<\/strong> zu \u00fcberf\u00fchren da die Projekte immer g\u00f6\u00dfer werden, der Markenauftritt immer wichtiger wird und wir vor allem nach au\u00dfen zeigen wollen, dass wir hinter der Idee mehr denn je stehen die Agentur weiter auszubauen und zu professionalisieren.<\/p>\n<p>Im Laufe der letzten Jahre wurden Einzelauftritte und Marken unter dem Namen <strong>ESMERO<\/strong> zusammengefasst, um einen nachvollziehbaren und homogenen Auftritt am Markt zu gew\u00e4hrleisten.<\/p>\n<\/div><\/div><div class=\"w-separator size_large\"><\/div><\/div><\/div><\/div><\/div><\/div><\/section><section class=\"l-section wpb_row height_auto\"><div class=\"l-section-h i-cf\"><div class=\"g-cols vc_row via_flex valign_top type_default stacking_default\"><div class=\"vc_col-sm-12 wpb_column vc_column_container\"><div class=\"vc_column-inner\"><div class=\"wpb_wrapper\"><div class=\"w-separator size_medium\"><\/div><div class=\"wpb_text_column\"><div class=\"wpb_wrapper\"><p>Willkommen bei unserem Unternehmen \u2013 Ihrem professionellen Partner f\u00fcr innovative L\u00f6sungen und Dienstleistungen! Unser breites Spektrum an Kunden umfasst sowohl kleine Unternehmen aus der Industrie als auch namhafte \u00f6ffentliche Einrichtungen, Stadtwerke und internationale Firmen mit Niederlassungen in zahlreichen L\u00e4ndern.<\/p>\n<p>Unser Unternehmen st\u00fctzt sich auf eine solide Basis, bestehend aus AR\/VR, Fotogrammetrie, Luftbildfotografie, 360\u00b0 Panoramarundg\u00e4ngen, Softwareentwicklung, agilem Projektmanagement und umfassendem Consulting.<\/p>\n<p>Wir verf\u00fcgen \u00fcber umfangreiche Schulungen, Zertifizierungen und langj\u00e4hrige Erfahrung in einer Vielzahl von Methodiken. Dadurch sind wir in der Lage, f\u00fcr jeden Kunden individuell den optimalen Weg zu finden und Ihr Projekt zum vollen Erfolg zu f\u00fchren.<\/p>\n<p>Unser Team freut sich darauf, auch Sie von unserer Kompetenz und Innovation zu \u00fcberzeugen. Nehmen Sie gerne Kontakt mit uns auf, damit wir Ihnen zeigen k\u00f6nnen, wie wir Ihr Vorhaben bestm\u00f6glich umsetzen k\u00f6nnen. Lassen Sie uns gemeinsam Ihr n\u00e4chstes Projekt in die Zukunft f\u00fchren!<\/p>\n<\/div><\/div><div class=\"w-separator size_small with_line width_default thick_1 style_solid color_border align_center\"><div class=\"w-separator-h\"><\/div><\/div><\/div><\/div><\/div><\/div><\/div><\/section><section class=\"l-section wpb_row height_auto\" id=\"team\"><div class=\"l-section-h i-cf\"><div class=\"g-cols vc_row via_flex valign_top type_default stacking_default\"><div class=\"vc_col-sm-12 wpb_column vc_column_container\"><div class=\"vc_column-inner us_custom_60e9caca us_animate_this\"><div class=\"wpb_wrapper\"><div class=\"wpb_text_column\"><div class=\"wpb_wrapper\"><h2 style=\"text-align: center;\">Unser <span style=\"color: #387999;\"><strong>Team<\/strong><\/span><\/h2>\n<p style=\"text-align: center;\">ESMERO ist ein Team aus Experten, die Ihre W\u00fcnsche wahr werden lassen.<\/p>\n<\/div><\/div><div class=\"w-separator size_medium\"><\/div><div class=\"g-cols wpb_row via_flex valign_top type_default stacking_default\"><div class=\"vc_col-sm-6 wpb_column vc_column_container\"><div class=\"vc_column-inner\"><div class=\"wpb_wrapper\"><div class=\"w-person us_custom_6418841f layout_cards with_desc with_socials\" itemscope itemtype=\"https:\/\/schema.org\/Person\"><div class=\"w-person-image\"><img loading=\"lazy\" decoding=\"async\" width=\"2395\" height=\"2395\" src=\"https:\/\/esmero.de\/wp-content\/uploads\/2025\/03\/PSX_20250307_094307.png\" class=\"attachment-full size-full\" alt=\"\" itemprop=\"image\" srcset=\"https:\/\/esmero.de\/wp-content\/uploads\/2025\/03\/PSX_20250307_094307.png 2395w, https:\/\/esmero.de\/wp-content\/uploads\/2025\/03\/PSX_20250307_094307-300x300.png 300w, https:\/\/esmero.de\/wp-content\/uploads\/2025\/03\/PSX_20250307_094307-1920x1920.png 1920w, https:\/\/esmero.de\/wp-content\/uploads\/2025\/03\/PSX_20250307_094307-150x150.png 150w, https:\/\/esmero.de\/wp-content\/uploads\/2025\/03\/PSX_20250307_094307-200x200.png 200w, https:\/\/esmero.de\/wp-content\/uploads\/2025\/03\/PSX_20250307_094307-400x400.png 400w, https:\/\/esmero.de\/wp-content\/uploads\/2025\/03\/PSX_20250307_094307-1000x1000.png 1000w, https:\/\/esmero.de\/wp-content\/uploads\/2025\/03\/PSX_20250307_094307-600x600.png 600w, https:\/\/esmero.de\/wp-content\/uploads\/2025\/03\/PSX_20250307_094307-90x90.png 90w\" sizes=\"auto, (max-width: 2395px) 100vw, 2395px\" \/><\/div><div class=\"w-person-content\"><h3 itemprop=\"name\" class=\"w-person-name\"><span>Kai Schmidt<\/span><\/h3><div class=\"w-person-role\" itemprop=\"jobTitle\">Gesellschafter &#038; Gesch\u00e4ftsf\u00fchrer<\/div><div class=\"w-person-links\"><div class=\"w-person-links-list\"><a href=\"mailto:ks@esmero.de\" class=\"w-person-links-item type_email\" title=\"Email\"><i class=\"fas fa-envelope\"><\/i><\/a><a target=\"_blank\" rel=\"nofollow\" href=\"tel:01773382029\" class=\"w-person-links-item type_custom_link\"><i class=\"material-icons\">smartphone<\/i><\/a><\/div><\/div><div class=\"w-person-description\" itemprop=\"description\"><p>Als Gr\u00fcnder von ESMERO treibt mich die Passion der Innovation und die Suche nach immer neuen technologischen L\u00f6sungen f\u00fcr Ihr Business. Dabei liegen meine Schwerpunkte auf der Luftbildfotografie, auf der Erstellung von 360\u00b0- und VR-Panoramen sowie in der App- und Softwareentwicklung.<\/p>\n<\/div><\/div><\/div><\/div><\/div><\/div><div class=\"vc_col-sm-6 wpb_column vc_column_container\"><div class=\"vc_column-inner\"><div class=\"wpb_wrapper\"><div class=\"w-person us_custom_6418841f layout_cards with_desc with_socials\" itemscope itemtype=\"https:\/\/schema.org\/Person\"><div class=\"w-person-image\"><img loading=\"lazy\" decoding=\"async\" width=\"1000\" height=\"1000\" src=\"https:\/\/esmero.de\/wp-content\/uploads\/2021\/12\/Profilbild_Schieberle_Esmero.jpg\" class=\"attachment-full size-full\" alt=\"\" itemprop=\"image\" srcset=\"https:\/\/esmero.de\/wp-content\/uploads\/2021\/12\/Profilbild_Schieberle_Esmero.jpg 1000w, https:\/\/esmero.de\/wp-content\/uploads\/2021\/12\/Profilbild_Schieberle_Esmero-300x300.jpg 300w, https:\/\/esmero.de\/wp-content\/uploads\/2021\/12\/Profilbild_Schieberle_Esmero-150x150.jpg 150w, https:\/\/esmero.de\/wp-content\/uploads\/2021\/12\/Profilbild_Schieberle_Esmero-600x600.jpg 600w, https:\/\/esmero.de\/wp-content\/uploads\/2021\/12\/Profilbild_Schieberle_Esmero-450x450.jpg 450w, https:\/\/esmero.de\/wp-content\/uploads\/2021\/12\/Profilbild_Schieberle_Esmero-400x400.jpg 400w\" sizes=\"auto, (max-width: 1000px) 100vw, 1000px\" \/><\/div><div class=\"w-person-content\"><h3 itemprop=\"name\" class=\"w-person-name\"><span>Alexander Schieberle<\/span><\/h3><div class=\"w-person-role\" itemprop=\"jobTitle\">Gesellschafter<\/div><div class=\"w-person-links\"><div class=\"w-person-links-list\"><a href=\"mailto:as@esmero.de\" class=\"w-person-links-item type_email\" title=\"Email\"><i class=\"fas fa-envelope\"><\/i><\/a><a target=\"_blank\" rel=\"nofollow\" href=\"tel:01776779310\" class=\"w-person-links-item type_custom_link\"><i class=\"material-icons\">smartphone<\/i><\/a><\/div><\/div><div class=\"w-person-description\" itemprop=\"description\"><p>Ihre Produkte sind qualitativ hochwertig? Dann heben Sie sich von der Masse ab und zeigen Sie Ihrer Zielgruppe, was Sie zu bieten haben!<br \/>\nF\u00fcr kreativen und qualitativ auffallenden Content sind wir Ihr kompetenter Partner. Ich freue mich auf Ihre Anfrage!<\/p>\n<\/div><\/div><\/div><\/div><\/div><\/div><\/div><div class=\"w-separator size_medium\"><\/div><div class=\"g-cols wpb_row via_flex valign_top type_default stacking_default\"><div class=\"vc_col-sm-6 wpb_column vc_column_container\"><div class=\"vc_column-inner us_custom_60e9caca us_animate_this\"><div class=\"wpb_wrapper\"><div class=\"w-person us_custom_08d356cf layout_cards with_desc\" itemscope itemtype=\"https:\/\/schema.org\/Person\"><div class=\"w-person-image\"><img loading=\"lazy\" decoding=\"async\" width=\"896\" height=\"896\" src=\"https:\/\/esmero.de\/wp-content\/uploads\/2022\/11\/SebastianKraneis.jpg\" class=\"attachment-full size-full\" alt=\"\" itemprop=\"image\" srcset=\"https:\/\/esmero.de\/wp-content\/uploads\/2022\/11\/SebastianKraneis.jpg 896w, https:\/\/esmero.de\/wp-content\/uploads\/2022\/11\/SebastianKraneis-300x300.jpg 300w, https:\/\/esmero.de\/wp-content\/uploads\/2022\/11\/SebastianKraneis-150x150.jpg 150w, https:\/\/esmero.de\/wp-content\/uploads\/2022\/11\/SebastianKraneis-200x200.jpg 200w, https:\/\/esmero.de\/wp-content\/uploads\/2022\/11\/SebastianKraneis-400x400.jpg 400w, https:\/\/esmero.de\/wp-content\/uploads\/2022\/11\/SebastianKraneis-600x600.jpg 600w, https:\/\/esmero.de\/wp-content\/uploads\/2022\/11\/SebastianKraneis-90x90.jpg 90w\" sizes=\"auto, (max-width: 896px) 100vw, 896px\" \/><\/div><div class=\"w-person-content\"><h4 itemprop=\"name\" class=\"w-person-name\"><span>Sebastian Kraneis<\/span><\/h4><div class=\"w-person-role\" itemprop=\"jobTitle\">Foto- &#038; Videograf<\/div><div class=\"w-person-description\" itemprop=\"description\"><p>Die Kamera ist eine Ausrede um an einem Ort zu sein, an welchem du f\u00fcr gew\u00f6hnlich nicht sein darfst und das Sch\u00f6ne an der Fotografie ist, dass man Dinge nicht mit Worten erkl\u00e4ren muss.<\/p>\n<\/div><\/div><\/div><\/div><\/div><\/div><div class=\"vc_col-sm-6 wpb_column vc_column_container\"><div class=\"vc_column-inner us_custom_60e9caca us_animate_this\"><div class=\"wpb_wrapper\"><div class=\"w-person us_custom_08d356cf layout_cards with_desc\" itemscope itemtype=\"https:\/\/schema.org\/Person\"><div class=\"w-person-image\"><img loading=\"lazy\" decoding=\"async\" width=\"811\" height=\"811\" src=\"https:\/\/esmero.de\/wp-content\/uploads\/2021\/12\/Manfred-Boyde.jpeg\" class=\"attachment-full size-full\" alt=\"\" itemprop=\"image\" srcset=\"https:\/\/esmero.de\/wp-content\/uploads\/2021\/12\/Manfred-Boyde.jpeg 811w, https:\/\/esmero.de\/wp-content\/uploads\/2021\/12\/Manfred-Boyde-300x300.jpeg 300w, https:\/\/esmero.de\/wp-content\/uploads\/2021\/12\/Manfred-Boyde-150x150.jpeg 150w, https:\/\/esmero.de\/wp-content\/uploads\/2021\/12\/Manfred-Boyde-600x600.jpeg 600w, https:\/\/esmero.de\/wp-content\/uploads\/2021\/12\/Manfred-Boyde-450x450.jpeg 450w, https:\/\/esmero.de\/wp-content\/uploads\/2021\/12\/Manfred-Boyde-400x400.jpeg 400w\" sizes=\"auto, (max-width: 811px) 100vw, 811px\" \/><\/div><div class=\"w-person-content\"><h4 itemprop=\"name\" class=\"w-person-name\"><span>Manfred Boide<\/span><\/h4><div class=\"w-person-role\" itemprop=\"jobTitle\">Foto- &#038; Videograf<\/div><div class=\"w-person-description\" itemprop=\"description\"><p>Ob Baudokumentation oder Kulturveranstaltung: Ich bin auf das perfekte Ergebnis fokussiert, damit kein Detail verloren geht. In meiner freien Zeit widme ich mich meiner News Seite \u00fcber Halle:<br \/>\n<a href=\"https:\/\/www.halle-nachrichten.de\" target=\"_blank\" rel=\"noopener\">halle-nachrichten.de<\/a><\/p>\n<\/div><\/div><\/div><\/div><\/div><\/div><\/div><div class=\"w-separator size_medium\"><\/div><div class=\"g-cols wpb_row via_flex valign_top type_default stacking_default\"><div class=\"vc_col-sm-6 wpb_column vc_column_container\"><div class=\"vc_column-inner us_custom_60e9caca us_animate_this\"><div class=\"wpb_wrapper\"><div class=\"w-person layout_cards with_desc\" itemscope itemtype=\"https:\/\/schema.org\/Person\"><div class=\"w-person-image\"><img loading=\"lazy\" decoding=\"async\" width=\"699\" height=\"699\" src=\"https:\/\/esmero.de\/wp-content\/uploads\/2024\/01\/20230909_194629-scaled-e1704470824754.jpg\" class=\"attachment-shop_catalog size-shop_catalog\" alt=\"\" itemprop=\"image\" srcset=\"https:\/\/esmero.de\/wp-content\/uploads\/2024\/01\/20230909_194629-scaled-e1704470824754.jpg 699w, https:\/\/esmero.de\/wp-content\/uploads\/2024\/01\/20230909_194629-scaled-e1704470824754-300x300.jpg 300w, https:\/\/esmero.de\/wp-content\/uploads\/2024\/01\/20230909_194629-scaled-e1704470824754-150x150.jpg 150w, https:\/\/esmero.de\/wp-content\/uploads\/2024\/01\/20230909_194629-scaled-e1704470824754-200x200.jpg 200w, https:\/\/esmero.de\/wp-content\/uploads\/2024\/01\/20230909_194629-scaled-e1704470824754-400x400.jpg 400w, https:\/\/esmero.de\/wp-content\/uploads\/2024\/01\/20230909_194629-scaled-e1704470824754-600x600.jpg 600w, https:\/\/esmero.de\/wp-content\/uploads\/2024\/01\/20230909_194629-scaled-e1704470824754-90x90.jpg 90w\" sizes=\"auto, (max-width: 699px) 100vw, 699px\" \/><\/div><div class=\"w-person-content\"><h4 itemprop=\"name\" class=\"w-person-name\"><span>Aaron Mohr<\/span><\/h4><div class=\"w-person-role\" itemprop=\"jobTitle\">Foto- &#038; Videograf<\/div><div class=\"w-person-description\" itemprop=\"description\"><p>Seit einem Jahr verst\u00e4rke ich das Team \u2013 ob in der Regie oder hinter der Kamera, ich setze unsere Projekte mit Leidenschaft um.<\/p>\n<\/div><\/div><\/div><\/div><\/div><\/div><div class=\"vc_col-sm-6 wpb_column vc_column_container\"><div class=\"vc_column-inner us_custom_60e9caca us_animate_this\"><div class=\"wpb_wrapper\"><div class=\"w-person layout_cards with_desc\" itemscope itemtype=\"https:\/\/schema.org\/Person\"><div class=\"w-person-image\"><img loading=\"lazy\" decoding=\"async\" width=\"1000\" height=\"1000\" src=\"https:\/\/esmero.de\/wp-content\/uploads\/2024\/06\/WhatsApp-Image-2024-06-11-at-21.32.24.jpeg\" class=\"attachment-shop_catalog size-shop_catalog\" alt=\"\" itemprop=\"image\" srcset=\"https:\/\/esmero.de\/wp-content\/uploads\/2024\/06\/WhatsApp-Image-2024-06-11-at-21.32.24.jpeg 1000w, https:\/\/esmero.de\/wp-content\/uploads\/2024\/06\/WhatsApp-Image-2024-06-11-at-21.32.24-300x300.jpeg 300w, https:\/\/esmero.de\/wp-content\/uploads\/2024\/06\/WhatsApp-Image-2024-06-11-at-21.32.24-150x150.jpeg 150w, https:\/\/esmero.de\/wp-content\/uploads\/2024\/06\/WhatsApp-Image-2024-06-11-at-21.32.24-200x200.jpeg 200w, https:\/\/esmero.de\/wp-content\/uploads\/2024\/06\/WhatsApp-Image-2024-06-11-at-21.32.24-400x400.jpeg 400w, https:\/\/esmero.de\/wp-content\/uploads\/2024\/06\/WhatsApp-Image-2024-06-11-at-21.32.24-600x600.jpeg 600w, https:\/\/esmero.de\/wp-content\/uploads\/2024\/06\/WhatsApp-Image-2024-06-11-at-21.32.24-90x90.jpeg 90w\" sizes=\"auto, (max-width: 1000px) 100vw, 1000px\" \/><\/div><div class=\"w-person-content\"><h4 itemprop=\"name\" class=\"w-person-name\"><span>Alexander Lorenz<\/span><\/h4><div class=\"w-person-role\" itemprop=\"jobTitle\">3D Guru<\/div><div class=\"w-person-description\" itemprop=\"description\"><p>Die Welt ist dreidimensional, aber analog. Meine Leidenschaft ist es aus allen Ideen und Anforderungen dreidimensionale Welten zu erschaffen, digital.<\/p>\n<\/div><\/div><\/div><\/div><\/div><\/div><\/div><div class=\"w-separator size_medium\"><\/div><div class=\"g-cols wpb_row via_flex valign_top type_default stacking_default\"><div class=\"vc_col-sm-6 wpb_column vc_column_container\"><div class=\"vc_column-inner us_custom_60e9caca us_animate_this\"><div class=\"wpb_wrapper\"><div class=\"w-person layout_cards with_desc\" itemscope itemtype=\"https:\/\/schema.org\/Person\"><div class=\"w-person-image\"><img loading=\"lazy\" decoding=\"async\" width=\"1824\" height=\"1968\" src=\"https:\/\/esmero.de\/wp-content\/uploads\/2025\/04\/IMG-20250116-WA00105.png\" class=\"attachment-shop_catalog size-shop_catalog\" alt=\"\" itemprop=\"image\" srcset=\"https:\/\/esmero.de\/wp-content\/uploads\/2025\/04\/IMG-20250116-WA00105.png 1824w, https:\/\/esmero.de\/wp-content\/uploads\/2025\/04\/IMG-20250116-WA00105-278x300.png 278w, https:\/\/esmero.de\/wp-content\/uploads\/2025\/04\/IMG-20250116-WA00105-1780x1920.png 1780w, https:\/\/esmero.de\/wp-content\/uploads\/2025\/04\/IMG-20250116-WA00105-185x200.png 185w, https:\/\/esmero.de\/wp-content\/uploads\/2025\/04\/IMG-20250116-WA00105-139x150.png 139w, https:\/\/esmero.de\/wp-content\/uploads\/2025\/04\/IMG-20250116-WA00105-371x400.png 371w, https:\/\/esmero.de\/wp-content\/uploads\/2025\/04\/IMG-20250116-WA00105-927x1000.png 927w, https:\/\/esmero.de\/wp-content\/uploads\/2025\/04\/IMG-20250116-WA00105-600x647.png 600w, https:\/\/esmero.de\/wp-content\/uploads\/2025\/04\/IMG-20250116-WA00105-83x90.png 83w\" sizes=\"auto, (max-width: 1824px) 100vw, 1824px\" \/><\/div><div class=\"w-person-content\"><h4 itemprop=\"name\" class=\"w-person-name\"><span>Hannes Kabel<\/span><\/h4><div class=\"w-person-role\" itemprop=\"jobTitle\">Foto- &#038; Videograf<\/div><div class=\"w-person-description\" itemprop=\"description\"><p>Immer mit der Kamera in der Hand und dem Blick f\u00fcrs Wesentliche halte ich Ihre Events, Pressetermine und Livestreams in bewegten und bewegenden Bildern fest.<\/p>\n<\/div><\/div><\/div><\/div><\/div><\/div><div class=\"vc_col-sm-6 wpb_column vc_column_container\"><div class=\"vc_column-inner us_custom_60e9caca us_animate_this\"><div class=\"wpb_wrapper\"><\/div><\/div><\/div><\/div><div class=\"w-separator size_medium\"><\/div><\/div><\/div><\/div><\/div><\/div><\/section><section class=\"l-section wpb_row height_auto\" id=\"clients\"><div class=\"l-section-h i-cf\"><div class=\"g-cols vc_row via_flex valign_top type_default stacking_default\"><div class=\"vc_col-sm-12 wpb_column vc_column_container\"><div class=\"vc_column-inner\"><div class=\"wpb_wrapper\"><div class=\"wpb_text_column\"><div class=\"wpb_wrapper\">\n<\/div><\/div><\/div><\/div><\/div><\/div><\/div><\/section>\n","protected":false},"excerpt":{"rendered":"ESMERO wurde im Jahr 2009 von Kai Schmidt noch unter dem Namen Panoramapoint gegr\u00fcndet. Im Laufe der Jahre hat sich das Portfolio stark erweitert, sodass wir dem Namen nicht mehr entsprachen. Als inzwischen professioneller IT-Dienstleister haben wir neben unseren etablierten Mitarbeitern einen stabilen Stamm an freien Mitarbeitern gewinnen k\u00f6nnen. So sind wir f\u00fcr jede Herausforderung...","protected":false},"author":1,"featured_media":0,"parent":0,"menu_order":0,"comment_status":"closed","ping_status":"closed","template":"","meta":{"inline_featured_image":false,"pgc_sgb_lightbox_settings":"","footnotes":""},"class_list":["post-37","page","type-page","status-publish","hentry"],"_links":{"self":[{"href":"https:\/\/esmero.de\/en\/wp-json\/wp\/v2\/pages\/37","targetHints":{"allow":["GET"]}}],"collection":[{"href":"https:\/\/esmero.de\/en\/wp-json\/wp\/v2\/pages"}],"about":[{"href":"https:\/\/esmero.de\/en\/wp-json\/wp\/v2\/types\/page"}],"author":[{"embeddable":true,"href":"https:\/\/esmero.de\/en\/wp-json\/wp\/v2\/users\/1"}],"replies":[{"embeddable":true,"href":"https:\/\/esmero.de\/en\/wp-json\/wp\/v2\/comments?post=37"}],"version-history":[{"count":64,"href":"https:\/\/esmero.de\/en\/wp-json\/wp\/v2\/pages\/37\/revisions"}],"predecessor-version":[{"id":4937,"href":"https:\/\/esmero.de\/en\/wp-json\/wp\/v2\/pages\/37\/revisions\/4937"}],"wp:attachment":[{"href":"https:\/\/esmero.de\/en\/wp-json\/wp\/v2\/media?parent=37"}],"curies":[{"name":"wp","href":"https:\/\/api.w.org\/{rel}","templated":true}]}}