{"id":43,"date":"2021-12-28T13:35:55","date_gmt":"2021-12-28T13:35:55","guid":{"rendered":"https:\/\/wp.esmero.de\/?page_id=43"},"modified":"2025-08-30T09:05:50","modified_gmt":"2025-08-30T09:05:50","slug":"news","status":"publish","type":"page","link":"https:\/\/esmero.de\/en\/news\/","title":{"rendered":"News"},"content":{"rendered":"<section class=\"l-section wpb_row height_small color_primary with_img\"><div class=\"l-section-img\" role=\"img\" aria-label=\"Image\" data-img-width=\"2500\" data-img-height=\"2500\" style=\"background-image: url(https:\/\/esmero.de\/wp-content\/uploads\/2021\/12\/Polygone-blau.png);\"><\/div><div class=\"l-section-overlay\" style=\"background:linear-gradient(0deg,rgba(0,0,0,0.75),rgba(0,0,0,0.00))\"><\/div><div class=\"l-section-h i-cf\"><div class=\"g-cols vc_row via_flex valign_top type_default stacking_default\"><div class=\"vc_col-sm-12 wpb_column vc_column_container\"><div class=\"vc_column-inner\"><div class=\"wpb_wrapper\"><div class=\"wpb_text_column\"><div class=\"wpb_wrapper\"><h1 style=\"text-align: center;\">News<\/h1>\n<p style=\"text-align: center;\">Unsere Neuigkeiten &#038; Projekte auf einen Blick<\/p>\n<\/div><\/div><\/div><\/div><\/div><\/div><\/div><\/section><section class=\"l-section wpb_row height_medium\"><div class=\"l-section-h i-cf\"><div class=\"g-cols vc_row via_flex valign_top type_default stacking_default\"><div class=\"vc_col-sm-12 wpb_column vc_column_container\"><div class=\"vc_column-inner\"><div class=\"wpb_wrapper\"><div class=\"w-grid us_grid with_filters type_grid layout_295 cols_3 pagination_infinite overflow_hidden preload_style_spinner with_css_animation\" id=\"us_grid_1\" style=\"--columns:3;--gap:10px;\"><style>@media (max-width:1280px){#us_grid_1{--columns:1!important}}@media (max-width:1024px){#us_grid_1{--columns:1!important}}@media (max-width:501px){#us_grid_1{--columns:1!important}}.layout_295 .w-grid-item-h{background:var(--color-content-bg);color:var(--color-content-heading);border-radius:0.3rem;box-shadow:0 0.03rem 0.06rem rgba(0,0,0,0.1),0 0.1rem 0.3rem rgba(0,0,0,0.1);transition-duration:0.3s}.no-touch .layout_295 .w-grid-item-h:hover{box-shadow:0 0.12rem 0.24rem rgba(0,0,0,0.1),0 0.4rem 1.2rem rgba(0,0,0,0.15);z-index:4}.layout_295 .usg_post_image_1{height:200px!important;max-height:200px!important;margin-bottom:calc(-13px - 1.4rem)!important}.layout_295 .usg_vwrapper_1{padding:1.4rem 1.8rem 1.2rem 1.8rem!important}.layout_295 .usg_hwrapper_1{margin-bottom:0.2rem!important}.layout_295 .usg_post_date_1{color:var(--color-content-faded)!important;font-size:12px!important;margin-bottom:0.3rem!important}.layout_295 .usg_post_title_1{color:inherit!important;font-weight:600!important;font-size:1.3rem!important}.layout_295 .usg_post_views_1{color:var(--color-content-faded)!important;font-size:12px!important}.layout_295 .usg_post_comments_1{color:var(--color-content-faded)!important;font-size:12px!important}.layout_295 .usg_post_content_1{color:var(--color-content-faded)!important;font-weight:300!important;font-size:14px!important}.layout_295 .usg_post_taxonomy_1{text-transform:uppercase!important;font-size:10px!important;margin-left:-12px!important}@media (max-width:501px){.layout_295 .usg_post_title_1{font-size:1.2rem!important}}<\/style><div class=\"g-filters style_2 align_center\"><button class=\"g-filters-item active\" data-taxonomy=\"*\"><span>All<\/span><\/button><button class=\"g-filters-item\" data-taxonomy=\"360-touren\" data-amount=\"26\"><span>Virtuelle 360\u00b0-Touren<\/span><span class=\"g-filters-item-amount\">26<\/span><\/button><button class=\"g-filters-item\" data-taxonomy=\"3d\" data-amount=\"16\"><span>3D<\/span><span class=\"g-filters-item-amount\">16<\/span><\/button><button class=\"g-filters-item\" data-taxonomy=\"luftaufnahmen\" data-amount=\"32\"><span>Luftaufnahmen<\/span><span class=\"g-filters-item-amount\">32<\/span><\/button><button class=\"g-filters-item\" data-taxonomy=\"baudoku\" data-amount=\"4\"><span>Baudoku<\/span><span class=\"g-filters-item-amount\">4<\/span><\/button><button class=\"g-filters-item\" data-taxonomy=\"video\" data-amount=\"29\"><span>Video<\/span><span class=\"g-filters-item-amount\">29<\/span><\/button><button class=\"g-filters-item\" data-taxonomy=\"apps\" data-amount=\"3\"><span>Apps<\/span><span class=\"g-filters-item-amount\">3<\/span><\/button><button class=\"g-filters-item\" data-taxonomy=\"sonstiges\" data-amount=\"7\"><span>Sonstiges<\/span><span class=\"g-filters-item-amount\">7<\/span><\/button><\/div><div class=\"w-grid-list\" data-filter_taxonomy_name=\"category\" data-filter_default_taxonomies=\"360-touren,3d,luftaufnahmen,baudoku,video,apps,sonstiges\">\t<article class=\"w-grid-item us_animate_fade size_1x1 post-5001 post type-post status-publish format-standard has-post-thumbnail hentry category-luftaufnahmen category-video tag-stadtwerke-halle tag-halle-saale tag-planetarium tag-360-grad-film\" data-id=\"5001\" style=\"animation-delay:0s\">\r\n\t\t<div class=\"w-grid-item-h\">\r\n\t\t\t\t\t\t\t<a href=\"https:\/\/esmero.de\/en\/360-filmproduktion-fuer-den-auftakt-der-themenjahre-halle\/\" class=\"w-grid-item-anchor\" aria-label=\"360\u00b0-Filmproduktion f\u00fcr den Auftakt der Themenjahre Halle\"><\/a>\r\n\t\t\t\t\t\t<div class=\"w-post-elm post_image usg_post_image_1 has_height stretched\"><img loading=\"lazy\" decoding=\"async\" width=\"1280\" height=\"853\" src=\"https:\/\/esmero.de\/wp-content\/uploads\/2026\/02\/MB_Z9_23012026_38-Gross.jpg\" class=\"attachment-large size-large wp-post-image\" alt=\"\" srcset=\"https:\/\/esmero.de\/wp-content\/uploads\/2026\/02\/MB_Z9_23012026_38-Gross.jpg 1620w, https:\/\/esmero.de\/wp-content\/uploads\/2026\/02\/MB_Z9_23012026_38-Gross-300x200.jpg 300w, https:\/\/esmero.de\/wp-content\/uploads\/2026\/02\/MB_Z9_23012026_38-Gross-225x150.jpg 225w, https:\/\/esmero.de\/wp-content\/uploads\/2026\/02\/MB_Z9_23012026_38-Gross-600x400.jpg 600w, https:\/\/esmero.de\/wp-content\/uploads\/2026\/02\/MB_Z9_23012026_38-Gross-1500x1000.jpg 1500w\" sizes=\"auto, (max-width: 1280px) 100vw, 1280px\" \/><\/div><div class=\"w-vwrapper usg_vwrapper_1 align_none valign_top\"><div class=\"w-post-elm post_taxonomy usg_post_taxonomy_1 style_badge color_link_inherit\"><div class=\"w-post-elm-list\"><span class=\"w-btn us-btn-style_badge term-44 term-luftaufnahmen\"><span class=\"w-btn-label\">Luftaufnahmen<\/span><\/span><span class=\"w-btn us-btn-style_badge term-109 term-video\"><span class=\"w-btn-label\">Video<\/span><\/span><\/div><\/div><div class=\"w-hwrapper usg_hwrapper_1 align_none valign_top\" style=\"--hwrapper-gap:0.8rem\"><time class=\"w-post-elm post_date usg_post_date_1 has_text_color entry-date published\" datetime=\"2026-02-20T14:28:45+01:00\">20.02.2026<\/time><div class=\"w-post-elm post_comments usg_post_comments_1 has_text_color layout_amount color_link_inherit\"><i class=\"material-icons\">question_answer<\/i>0<\/div><div class=\"w-post-elm post_views usg_post_views_1 has_text_color\"><i class=\"fas fa-eye\"><\/i>94<\/div><\/div><h3 class=\"w-post-elm post_title usg_post_title_1 has_text_color entry-title color_link_inherit\">360\u00b0-Filmproduktion f\u00fcr den Auftakt der Themenjahre Halle<\/h3><div class=\"w-post-elm post_content usg_post_content_1 has_text_color\">Zum Auftakt des Kulturellen Themenjahres 2026 der Stadt Halle (Saale) durften wir ein au\u00dfergew\u00f6hnliches&hellip;<\/div><\/div>\t\t<\/div>\r\n\t\t\t<\/article>\r\n\t<article class=\"w-grid-item us_animate_fade size_1x1 post-4457 post type-post status-publish format-standard has-post-thumbnail hentry category-video category-luftaufnahmen tag-puppentheater tag-drohne tag-halle-saale tag-video tag-gulliver tag-buehnen-halle\" data-id=\"4457\" style=\"animation-delay:0.1s\">\r\n\t\t<div class=\"w-grid-item-h\">\r\n\t\t\t\t\t\t\t<a href=\"https:\/\/esmero.de\/en\/gulliver-auf-reisen\/\" class=\"w-grid-item-anchor\" aria-label=\"Gulliver auf Reisen\"><\/a>\r\n\t\t\t\t\t\t<div class=\"w-post-elm post_image usg_post_image_1 has_height stretched\"><img loading=\"lazy\" decoding=\"async\" width=\"1280\" height=\"960\" src=\"https:\/\/esmero.de\/wp-content\/uploads\/2024\/07\/DJI_20240616161506_0350_D-1920x1440.jpg\" class=\"attachment-large size-large wp-post-image\" alt=\"\" srcset=\"https:\/\/esmero.de\/wp-content\/uploads\/2024\/07\/DJI_20240616161506_0350_D-1920x1440.jpg 1920w, https:\/\/esmero.de\/wp-content\/uploads\/2024\/07\/DJI_20240616161506_0350_D-300x225.jpg 300w, https:\/\/esmero.de\/wp-content\/uploads\/2024\/07\/DJI_20240616161506_0350_D-267x200.jpg 267w, https:\/\/esmero.de\/wp-content\/uploads\/2024\/07\/DJI_20240616161506_0350_D-200x150.jpg 200w, https:\/\/esmero.de\/wp-content\/uploads\/2024\/07\/DJI_20240616161506_0350_D-533x400.jpg 533w, https:\/\/esmero.de\/wp-content\/uploads\/2024\/07\/DJI_20240616161506_0350_D-1333x1000.jpg 1333w, https:\/\/esmero.de\/wp-content\/uploads\/2024\/07\/DJI_20240616161506_0350_D-600x450.jpg 600w, https:\/\/esmero.de\/wp-content\/uploads\/2024\/07\/DJI_20240616161506_0350_D-120x90.jpg 120w\" sizes=\"auto, (max-width: 1280px) 100vw, 1280px\" \/><\/div><div class=\"w-vwrapper usg_vwrapper_1 align_none valign_top\"><div class=\"w-post-elm post_taxonomy usg_post_taxonomy_1 style_badge color_link_inherit\"><div class=\"w-post-elm-list\"><span class=\"w-btn us-btn-style_badge term-109 term-video\"><span class=\"w-btn-label\">Video<\/span><\/span><span class=\"w-btn us-btn-style_badge term-44 term-luftaufnahmen\"><span class=\"w-btn-label\">Luftaufnahmen<\/span><\/span><\/div><\/div><div class=\"w-hwrapper usg_hwrapper_1 align_none valign_top\" style=\"--hwrapper-gap:0.8rem\"><time class=\"w-post-elm post_date usg_post_date_1 has_text_color entry-date published\" datetime=\"2024-06-25T10:05:21+01:00\">25.06.2024<\/time><div class=\"w-post-elm post_comments usg_post_comments_1 has_text_color layout_amount color_link_inherit\"><i class=\"material-icons\">question_answer<\/i>0<\/div><div class=\"w-post-elm post_views usg_post_views_1 has_text_color\"><i class=\"fas fa-eye\"><\/i>625<\/div><\/div><h3 class=\"w-post-elm post_title usg_post_title_1 has_text_color entry-title color_link_inherit\">Gulliver auf Reisen<\/h3><div class=\"w-post-elm post_content usg_post_content_1 has_text_color\">Das 70. Jubil\u00e4um des Puppentheaters Halle: Eine Stadt verwandelt sich in eine B\u00fchne Das&hellip;<\/div><\/div>\t\t<\/div>\r\n\t\t\t<\/article>\r\n\t<article class=\"w-grid-item us_animate_fade size_1x1 post-4383 post type-post status-publish format-standard has-post-thumbnail hentry category-luftaufnahmen category-video tag-skating tag-inliner tag-interviews tag-videoproduktion tag-hisc tag-hallescher-speed-skating-club tag-speedskating\" data-id=\"4383\" style=\"animation-delay:0.2s\">\r\n\t\t<div class=\"w-grid-item-h\">\r\n\t\t\t\t\t\t\t<a href=\"https:\/\/esmero.de\/en\/esmero-unterstuetzt-hisc-bei-content-erstellung\/\" class=\"w-grid-item-anchor\" aria-label=\"ESMERO unterst\u00fctzt HISC bei Content-Erstellung\"><\/a>\r\n\t\t\t\t\t\t<div class=\"w-post-elm post_image usg_post_image_1 has_height stretched\"><img loading=\"lazy\" decoding=\"async\" width=\"1280\" height=\"960\" src=\"https:\/\/esmero.de\/wp-content\/uploads\/2024\/05\/DJI_20240504104418_0033_D-1920x1440.jpg\" class=\"attachment-large size-large wp-post-image\" alt=\"\" srcset=\"https:\/\/esmero.de\/wp-content\/uploads\/2024\/05\/DJI_20240504104418_0033_D-1920x1440.jpg 1920w, https:\/\/esmero.de\/wp-content\/uploads\/2024\/05\/DJI_20240504104418_0033_D-300x225.jpg 300w, https:\/\/esmero.de\/wp-content\/uploads\/2024\/05\/DJI_20240504104418_0033_D-267x200.jpg 267w, https:\/\/esmero.de\/wp-content\/uploads\/2024\/05\/DJI_20240504104418_0033_D-200x150.jpg 200w, https:\/\/esmero.de\/wp-content\/uploads\/2024\/05\/DJI_20240504104418_0033_D-533x400.jpg 533w, https:\/\/esmero.de\/wp-content\/uploads\/2024\/05\/DJI_20240504104418_0033_D-1333x1000.jpg 1333w, https:\/\/esmero.de\/wp-content\/uploads\/2024\/05\/DJI_20240504104418_0033_D-600x450.jpg 600w, https:\/\/esmero.de\/wp-content\/uploads\/2024\/05\/DJI_20240504104418_0033_D-120x90.jpg 120w\" sizes=\"auto, (max-width: 1280px) 100vw, 1280px\" \/><\/div><div class=\"w-vwrapper usg_vwrapper_1 align_none valign_top\"><div class=\"w-post-elm post_taxonomy usg_post_taxonomy_1 style_badge color_link_inherit\"><div class=\"w-post-elm-list\"><span class=\"w-btn us-btn-style_badge term-44 term-luftaufnahmen\"><span class=\"w-btn-label\">Luftaufnahmen<\/span><\/span><span class=\"w-btn us-btn-style_badge term-109 term-video\"><span class=\"w-btn-label\">Video<\/span><\/span><\/div><\/div><div class=\"w-hwrapper usg_hwrapper_1 align_none valign_top\" style=\"--hwrapper-gap:0.8rem\"><time class=\"w-post-elm post_date usg_post_date_1 has_text_color entry-date published\" datetime=\"2024-05-23T15:27:24+01:00\">23.05.2024<\/time><div class=\"w-post-elm post_comments usg_post_comments_1 has_text_color layout_amount color_link_inherit\"><i class=\"material-icons\">question_answer<\/i>0<\/div><div class=\"w-post-elm post_views usg_post_views_1 has_text_color\"><i class=\"fas fa-eye\"><\/i>620<\/div><\/div><h3 class=\"w-post-elm post_title usg_post_title_1 has_text_color entry-title color_link_inherit\">ESMERO unterst\u00fctzt HISC bei Content-Erstellung<\/h3><div class=\"w-post-elm post_content usg_post_content_1 has_text_color\">Wir freuen uns, dar\u00fcber euch \u00fcber unsere j\u00fcngste Zusammenarbeit mit dem Halleschen Inline-Skating Club&hellip;<\/div><\/div>\t\t<\/div>\r\n\t\t\t<\/article>\r\n\t<article class=\"w-grid-item us_animate_fade size_1x1 post-3425 post type-post status-publish format-standard has-post-thumbnail hentry category-allgemein category-apps tag-halle-saale tag-planetarium-halle tag-planetarium tag-keksdose\" data-id=\"3425\" style=\"animation-delay:0.3s\">\r\n\t\t<div class=\"w-grid-item-h\">\r\n\t\t\t\t\t\t\t<a href=\"https:\/\/esmero.de\/en\/planetarium-in-miniaturgroesse-als-keksdose\/\" class=\"w-grid-item-anchor\" aria-label=\"Planetarium in Miniaturgr\u00f6\u00dfe als Keksdose\"><\/a>\r\n\t\t\t\t\t\t<div class=\"w-post-elm post_image usg_post_image_1 has_height stretched\"><img loading=\"lazy\" decoding=\"async\" width=\"1280\" height=\"1280\" src=\"https:\/\/esmero.de\/wp-content\/uploads\/2023\/04\/A7R06665-1920x1920.jpg\" class=\"attachment-large size-large wp-post-image\" alt=\"\" srcset=\"https:\/\/esmero.de\/wp-content\/uploads\/2023\/04\/A7R06665-1920x1920.jpg 1920w, https:\/\/esmero.de\/wp-content\/uploads\/2023\/04\/A7R06665-300x300.jpg 300w, https:\/\/esmero.de\/wp-content\/uploads\/2023\/04\/A7R06665-150x150.jpg 150w, https:\/\/esmero.de\/wp-content\/uploads\/2023\/04\/A7R06665-200x200.jpg 200w, https:\/\/esmero.de\/wp-content\/uploads\/2023\/04\/A7R06665-400x400.jpg 400w, https:\/\/esmero.de\/wp-content\/uploads\/2023\/04\/A7R06665-1000x1000.jpg 1000w, https:\/\/esmero.de\/wp-content\/uploads\/2023\/04\/A7R06665-600x600.jpg 600w, https:\/\/esmero.de\/wp-content\/uploads\/2023\/04\/A7R06665-90x90.jpg 90w\" sizes=\"auto, (max-width: 1280px) 100vw, 1280px\" \/><\/div><div class=\"w-vwrapper usg_vwrapper_1 align_none valign_top\"><div class=\"w-post-elm post_taxonomy usg_post_taxonomy_1 style_badge color_link_inherit\"><div class=\"w-post-elm-list\"><span class=\"w-btn us-btn-style_badge term-1 term-allgemein\"><span class=\"w-btn-label\">Allgemein<\/span><\/span><span class=\"w-btn us-btn-style_badge term-34 term-apps\"><span class=\"w-btn-label\">Apps<\/span><\/span><\/div><\/div><div class=\"w-hwrapper usg_hwrapper_1 align_none valign_top\" style=\"--hwrapper-gap:0.8rem\"><time class=\"w-post-elm post_date usg_post_date_1 has_text_color entry-date published\" datetime=\"2024-05-23T11:02:14+01:00\">23.05.2024<\/time><div class=\"w-post-elm post_comments usg_post_comments_1 has_text_color layout_amount color_link_inherit\"><i class=\"material-icons\">question_answer<\/i>0<\/div><div class=\"w-post-elm post_views usg_post_views_1 has_text_color\"><i class=\"fas fa-eye\"><\/i>589<\/div><\/div><h3 class=\"w-post-elm post_title usg_post_title_1 has_text_color entry-title color_link_inherit\">Planetarium in Miniaturgr\u00f6\u00dfe als Keksdose<\/h3><div class=\"w-post-elm post_content usg_post_content_1 has_text_color\">Entdecken Sie die Magie des Planetarium Halle in Form einer exklusiven Keksdose Wir sind&hellip;<\/div><\/div>\t\t<\/div>\r\n\t\t\t<\/article>\r\n\t<article class=\"w-grid-item us_animate_fade size_1x1 post-4304 post type-post status-publish format-standard has-post-thumbnail hentry category-3d tag-bad-duerrenberg tag-knochen tag-replkas tag-schamanin-bad-duerrenberg tag-schaedel tag-3d-druck tag-landesgartenschau\" data-id=\"4304\" style=\"animation-delay:0.4s\">\r\n\t\t<div class=\"w-grid-item-h\">\r\n\t\t\t\t\t\t\t<a href=\"https:\/\/esmero.de\/en\/gedruckte-knochen-fuer-die-landesgartenschau\/\" class=\"w-grid-item-anchor\" aria-label=\"Gedruckte Knochen f\u00fcr die Landesgartenschau\"><\/a>\r\n\t\t\t\t\t\t<div class=\"w-post-elm post_image usg_post_image_1 has_height stretched\"><img loading=\"lazy\" decoding=\"async\" width=\"1280\" height=\"721\" src=\"https:\/\/esmero.de\/wp-content\/uploads\/2024\/04\/20240315_112656-1920x1081.jpg\" class=\"attachment-large size-large wp-post-image\" alt=\"\" srcset=\"https:\/\/esmero.de\/wp-content\/uploads\/2024\/04\/20240315_112656-1920x1081.jpg 1920w, https:\/\/esmero.de\/wp-content\/uploads\/2024\/04\/20240315_112656-300x169.jpg 300w, https:\/\/esmero.de\/wp-content\/uploads\/2024\/04\/20240315_112656-355x200.jpg 355w, https:\/\/esmero.de\/wp-content\/uploads\/2024\/04\/20240315_112656-266x150.jpg 266w, https:\/\/esmero.de\/wp-content\/uploads\/2024\/04\/20240315_112656-600x338.jpg 600w, https:\/\/esmero.de\/wp-content\/uploads\/2024\/04\/20240315_112656-1776x1000.jpg 1776w, https:\/\/esmero.de\/wp-content\/uploads\/2024\/04\/20240315_112656-160x90.jpg 160w\" sizes=\"auto, (max-width: 1280px) 100vw, 1280px\" \/><\/div><div class=\"w-vwrapper usg_vwrapper_1 align_none valign_top\"><div class=\"w-post-elm post_taxonomy usg_post_taxonomy_1 style_badge color_link_inherit\"><span class=\"w-btn us-btn-style_badge term-32 term-3d\"><span class=\"w-btn-label\">3D<\/span><\/span><\/div><div class=\"w-hwrapper usg_hwrapper_1 align_none valign_top\" style=\"--hwrapper-gap:0.8rem\"><time class=\"w-post-elm post_date usg_post_date_1 has_text_color entry-date published\" datetime=\"2024-04-23T17:14:11+01:00\">23.04.2024<\/time><div class=\"w-post-elm post_comments usg_post_comments_1 has_text_color layout_amount color_link_inherit\"><i class=\"material-icons\">question_answer<\/i>0<\/div><div class=\"w-post-elm post_views usg_post_views_1 has_text_color\"><i class=\"fas fa-eye\"><\/i>873<\/div><\/div><h3 class=\"w-post-elm post_title usg_post_title_1 has_text_color entry-title color_link_inherit\">Gedruckte Knochen f\u00fcr die Landesgartenschau<\/h3><div class=\"w-post-elm post_content usg_post_content_1 has_text_color\">Die Verbindung von Vergangenheit und Zukunft: Unsere Rolle bei der Landesgartenschau Die Landesgartenschau ist&hellip;<\/div><\/div>\t\t<\/div>\r\n\t\t\t<\/article>\r\n\t<article class=\"w-grid-item us_animate_fade size_1x1 post-4288 post type-post status-publish format-standard has-post-thumbnail hentry category-apps tag-landesgartenschau tag-bad-duerrenberg tag-app tag-ios tag-android tag-laga-app\" data-id=\"4288\" style=\"animation-delay:0.5s\">\r\n\t\t<div class=\"w-grid-item-h\">\r\n\t\t\t\t\t\t\t<a href=\"https:\/\/esmero.de\/en\/entdecke-die-landesgartenschau-bad-duerrenberg-per-app\/\" class=\"w-grid-item-anchor\" aria-label=\"Entdecke die Landesgartenschau Bad D\u00fcrrenberg per App\"><\/a>\r\n\t\t\t\t\t\t<div class=\"w-post-elm post_image usg_post_image_1 has_height stretched\"><img loading=\"lazy\" decoding=\"async\" width=\"1080\" height=\"1920\" src=\"https:\/\/esmero.de\/wp-content\/uploads\/2024\/04\/laga_storeviews_iphone_55jpg5-1080x1920.jpg\" class=\"attachment-large size-large wp-post-image\" alt=\"\" srcset=\"https:\/\/esmero.de\/wp-content\/uploads\/2024\/04\/laga_storeviews_iphone_55jpg5-1080x1920.jpg 1080w, https:\/\/esmero.de\/wp-content\/uploads\/2024\/04\/laga_storeviews_iphone_55jpg5-169x300.jpg 169w, https:\/\/esmero.de\/wp-content\/uploads\/2024\/04\/laga_storeviews_iphone_55jpg5-113x200.jpg 113w, https:\/\/esmero.de\/wp-content\/uploads\/2024\/04\/laga_storeviews_iphone_55jpg5-84x150.jpg 84w, https:\/\/esmero.de\/wp-content\/uploads\/2024\/04\/laga_storeviews_iphone_55jpg5-225x400.jpg 225w, https:\/\/esmero.de\/wp-content\/uploads\/2024\/04\/laga_storeviews_iphone_55jpg5-563x1000.jpg 563w, https:\/\/esmero.de\/wp-content\/uploads\/2024\/04\/laga_storeviews_iphone_55jpg5-600x1067.jpg 600w, https:\/\/esmero.de\/wp-content\/uploads\/2024\/04\/laga_storeviews_iphone_55jpg5-51x90.jpg 51w, https:\/\/esmero.de\/wp-content\/uploads\/2024\/04\/laga_storeviews_iphone_55jpg5-scaled.jpg 1440w\" sizes=\"auto, (max-width: 1080px) 100vw, 1080px\" \/><\/div><div class=\"w-vwrapper usg_vwrapper_1 align_none valign_top\"><div class=\"w-post-elm post_taxonomy usg_post_taxonomy_1 style_badge color_link_inherit\"><span class=\"w-btn us-btn-style_badge term-34 term-apps\"><span class=\"w-btn-label\">Apps<\/span><\/span><\/div><div class=\"w-hwrapper usg_hwrapper_1 align_none valign_top\" style=\"--hwrapper-gap:0.8rem\"><time class=\"w-post-elm post_date usg_post_date_1 has_text_color entry-date published\" datetime=\"2024-04-19T14:01:20+01:00\">19.04.2024<\/time><div class=\"w-post-elm post_comments usg_post_comments_1 has_text_color layout_amount color_link_inherit\"><i class=\"material-icons\">question_answer<\/i>0<\/div><div class=\"w-post-elm post_views usg_post_views_1 has_text_color\"><i class=\"fas fa-eye\"><\/i>987<\/div><\/div><h3 class=\"w-post-elm post_title usg_post_title_1 has_text_color entry-title color_link_inherit\">Entdecke die Landesgartenschau Bad D\u00fcrrenberg per App<\/h3><div class=\"w-post-elm post_content usg_post_content_1 has_text_color\">Die Landesgartenschau in Bad D\u00fcrrenberg \u00f6ffnet ihre Tore f\u00fcr Besucher aus nah und fern,&hellip;<\/div><\/div>\t\t<\/div>\r\n\t\t\t<\/article>\r\n\t<article class=\"w-grid-item us_animate_fade size_1x1 post-4266 post type-post status-publish format-standard has-post-thumbnail hentry category-3d category-video tag-animation tag-3d tag-drohne tag-imagefilm tag-landesgartenschau tag-bad-duerrenberg tag-laga tag-rendering\" data-id=\"4266\" style=\"animation-delay:0s\">\r\n\t\t<div class=\"w-grid-item-h\">\r\n\t\t\t\t\t\t\t<a href=\"https:\/\/esmero.de\/en\/imagefilm-landesgartenschau-bad-duerrenberg\/\" class=\"w-grid-item-anchor\" aria-label=\"Imagefilm Landesgartenschau Bad D\u00fcrrenberg\"><\/a>\r\n\t\t\t\t\t\t<div class=\"w-post-elm post_image usg_post_image_1 has_height stretched\"><img loading=\"lazy\" decoding=\"async\" width=\"1280\" height=\"720\" src=\"https:\/\/esmero.de\/wp-content\/uploads\/2024\/04\/Bild5.jpg\" class=\"attachment-large size-large wp-post-image\" alt=\"\" srcset=\"https:\/\/esmero.de\/wp-content\/uploads\/2024\/04\/Bild5.jpg 1920w, https:\/\/esmero.de\/wp-content\/uploads\/2024\/04\/Bild5-300x169.jpg 300w, https:\/\/esmero.de\/wp-content\/uploads\/2024\/04\/Bild5-356x200.jpg 356w, https:\/\/esmero.de\/wp-content\/uploads\/2024\/04\/Bild5-267x150.jpg 267w, https:\/\/esmero.de\/wp-content\/uploads\/2024\/04\/Bild5-600x338.jpg 600w, https:\/\/esmero.de\/wp-content\/uploads\/2024\/04\/Bild5-1778x1000.jpg 1778w, https:\/\/esmero.de\/wp-content\/uploads\/2024\/04\/Bild5-160x90.jpg 160w\" sizes=\"auto, (max-width: 1280px) 100vw, 1280px\" \/><\/div><div class=\"w-vwrapper usg_vwrapper_1 align_none valign_top\"><div class=\"w-post-elm post_taxonomy usg_post_taxonomy_1 style_badge color_link_inherit\"><div class=\"w-post-elm-list\"><span class=\"w-btn us-btn-style_badge term-32 term-3d\"><span class=\"w-btn-label\">3D<\/span><\/span><span class=\"w-btn us-btn-style_badge term-109 term-video\"><span class=\"w-btn-label\">Video<\/span><\/span><\/div><\/div><div class=\"w-hwrapper usg_hwrapper_1 align_none valign_top\" style=\"--hwrapper-gap:0.8rem\"><time class=\"w-post-elm post_date usg_post_date_1 has_text_color entry-date published\" datetime=\"2024-04-19T13:32:17+01:00\">19.04.2024<\/time><div class=\"w-post-elm post_comments usg_post_comments_1 has_text_color layout_amount color_link_inherit\"><i class=\"material-icons\">question_answer<\/i>0<\/div><div class=\"w-post-elm post_views usg_post_views_1 has_text_color\"><i class=\"fas fa-eye\"><\/i>634<\/div><\/div><h3 class=\"w-post-elm post_title usg_post_title_1 has_text_color entry-title color_link_inherit\">Imagefilm Landesgartenschau Bad D\u00fcrrenberg<\/h3><div class=\"w-post-elm post_content usg_post_content_1 has_text_color\">F\u00fcr die Landesgartenschau in Bad D\u00fcrrenberg entstand ein beeindruckender Imagefilm, der dazu einl\u00e4dt einmal&hellip;<\/div><\/div>\t\t<\/div>\r\n\t\t\t<\/article>\r\n\t<article class=\"w-grid-item us_animate_fade size_1x1 post-4203 post type-post status-publish format-standard has-post-thumbnail hentry category-luftaufnahmen tag-wasserwerk tag-beesen tag-spitzenlastwasserwerk tag-luftaufnahmen tag-drohne tag-halle-saale\" data-id=\"4203\" style=\"animation-delay:0.1s\">\r\n\t\t<div class=\"w-grid-item-h\">\r\n\t\t\t\t\t\t\t<a href=\"https:\/\/esmero.de\/en\/bilder-fuer-das-spitzenlastwasserwerk-beesen\/\" class=\"w-grid-item-anchor\" aria-label=\"Bilder f\u00fcr das Spitzenlastwasserwerk Beesen\"><\/a>\r\n\t\t\t\t\t\t<div class=\"w-post-elm post_image usg_post_image_1 has_height stretched\"><img loading=\"lazy\" decoding=\"async\" width=\"1280\" height=\"854\" src=\"https:\/\/esmero.de\/wp-content\/uploads\/2024\/03\/A7R06176-1920x1281.jpg\" class=\"attachment-large size-large wp-post-image\" alt=\"\" srcset=\"https:\/\/esmero.de\/wp-content\/uploads\/2024\/03\/A7R06176-1920x1281.jpg 1920w, https:\/\/esmero.de\/wp-content\/uploads\/2024\/03\/A7R06176-300x200.jpg 300w, https:\/\/esmero.de\/wp-content\/uploads\/2024\/03\/A7R06176-225x150.jpg 225w, https:\/\/esmero.de\/wp-content\/uploads\/2024\/03\/A7R06176-600x400.jpg 600w, https:\/\/esmero.de\/wp-content\/uploads\/2024\/03\/A7R06176-1499x1000.jpg 1499w, https:\/\/esmero.de\/wp-content\/uploads\/2024\/03\/A7R06176-135x90.jpg 135w\" sizes=\"auto, (max-width: 1280px) 100vw, 1280px\" \/><\/div><div class=\"w-vwrapper usg_vwrapper_1 align_none valign_top\"><div class=\"w-post-elm post_taxonomy usg_post_taxonomy_1 style_badge color_link_inherit\"><span class=\"w-btn us-btn-style_badge term-44 term-luftaufnahmen\"><span class=\"w-btn-label\">Luftaufnahmen<\/span><\/span><\/div><div class=\"w-hwrapper usg_hwrapper_1 align_none valign_top\" style=\"--hwrapper-gap:0.8rem\"><time class=\"w-post-elm post_date usg_post_date_1 has_text_color entry-date published\" datetime=\"2024-03-20T11:39:13+01:00\">20.03.2024<\/time><div class=\"w-post-elm post_comments usg_post_comments_1 has_text_color layout_amount color_link_inherit\"><i class=\"material-icons\">question_answer<\/i>0<\/div><div class=\"w-post-elm post_views usg_post_views_1 has_text_color\"><i class=\"fas fa-eye\"><\/i>929<\/div><\/div><h3 class=\"w-post-elm post_title usg_post_title_1 has_text_color entry-title color_link_inherit\">Bilder f\u00fcr das Spitzenlastwasserwerk Beesen<\/h3><div class=\"w-post-elm post_content usg_post_content_1 has_text_color\">F\u00fcr die Stadtwerke Halle durften wir ein wichtiges Wahrzeichen der st\u00e4dtischen Infrastruktur fotografisch festhalten.&hellip;<\/div><\/div>\t\t<\/div>\r\n\t\t\t<\/article>\r\n\t<article class=\"w-grid-item us_animate_fade size_1x1 post-4226 post type-post status-publish format-standard has-post-thumbnail hentry category-allgemein category-360-touren category-3d tag-digitaltag tag-gp tag-guenther-papenburg tag-papenburg tag-ammendorf tag-baustoffhof\" data-id=\"4226\" style=\"animation-delay:0.2s\">\r\n\t\t<div class=\"w-grid-item-h\">\r\n\t\t\t\t\t\t\t<a href=\"https:\/\/esmero.de\/en\/gp-digitaltag\/\" class=\"w-grid-item-anchor\" aria-label=\"1. GP Digitaltag\"><\/a>\r\n\t\t\t\t\t\t<div class=\"w-post-elm post_image usg_post_image_1 has_height stretched\"><img loading=\"lazy\" decoding=\"async\" width=\"1280\" height=\"606\" src=\"https:\/\/esmero.de\/wp-content\/uploads\/2024\/03\/gelaende-1920x909.png\" class=\"attachment-large size-large wp-post-image\" alt=\"\" srcset=\"https:\/\/esmero.de\/wp-content\/uploads\/2024\/03\/gelaende-1920x909.png 1920w, https:\/\/esmero.de\/wp-content\/uploads\/2024\/03\/gelaende-300x142.png 300w, https:\/\/esmero.de\/wp-content\/uploads\/2024\/03\/gelaende-422x200.png 422w, https:\/\/esmero.de\/wp-content\/uploads\/2024\/03\/gelaende-317x150.png 317w, https:\/\/esmero.de\/wp-content\/uploads\/2024\/03\/gelaende-600x284.png 600w, https:\/\/esmero.de\/wp-content\/uploads\/2024\/03\/gelaende-190x90.png 190w\" sizes=\"auto, (max-width: 1280px) 100vw, 1280px\" \/><\/div><div class=\"w-vwrapper usg_vwrapper_1 align_none valign_top\"><div class=\"w-post-elm post_taxonomy usg_post_taxonomy_1 style_badge color_link_inherit\"><div class=\"w-post-elm-list\"><span class=\"w-btn us-btn-style_badge term-1 term-allgemein\"><span class=\"w-btn-label\">Allgemein<\/span><\/span><span class=\"w-btn us-btn-style_badge term-31 term-360-touren\"><span class=\"w-btn-label\">Virtuelle 360\u00b0-Touren<\/span><\/span><span class=\"w-btn us-btn-style_badge term-32 term-3d\"><span class=\"w-btn-label\">3D<\/span><\/span><\/div><\/div><div class=\"w-hwrapper usg_hwrapper_1 align_none valign_top\" style=\"--hwrapper-gap:0.8rem\"><time class=\"w-post-elm post_date usg_post_date_1 has_text_color entry-date published\" datetime=\"2024-03-09T12:38:01+01:00\">09.03.2024<\/time><div class=\"w-post-elm post_comments usg_post_comments_1 has_text_color layout_amount color_link_inherit\"><i class=\"material-icons\">question_answer<\/i>0<\/div><div class=\"w-post-elm post_views usg_post_views_1 has_text_color\"><i class=\"fas fa-eye\"><\/i>730<\/div><\/div><h3 class=\"w-post-elm post_title usg_post_title_1 has_text_color entry-title color_link_inherit\">1. GP Digitaltag<\/h3><div class=\"w-post-elm post_content usg_post_content_1 has_text_color\">Innovation zum Anfassen Als Teil des ersten GP Digitaltags bei GP G\u00fcnther Papenburg in&hellip;<\/div><\/div>\t\t<\/div>\r\n\t\t\t<\/article>\r\n<\/div>\t<div class=\"w-grid-preloader\">\r\n\t\t<div class=\"g-preloader type_1\">\r\n\t\t\t<div><\/div>\r\n\t\t<\/div>\r\n\t<\/div>\r\n\t\t\t\t<div class=\"g-loadmore \">\r\n\t\t\t\t<div class=\"g-preloader type_1\">\r\n\t\t\t\t\t<div><\/div>\r\n\t\t\t\t<\/div>\r\n\t\t\t\t<button class=\"w-btn us-btn-style_1\">\r\n\t\t\t\t\t<span class=\"w-btn-label\">Load More<\/span>\r\n\t\t\t\t<\/button>\r\n\t\t\t<\/div>\r\n\t\t\t\t<div class=\"w-grid-json hidden\" onclick='return {&quot;action&quot;:&quot;us_ajax_grid&quot;,&quot;infinite_scroll&quot;:true,&quot;max_num_pages&quot;:10,&quot;pagination&quot;:&quot;ajax&quot;,&quot;template_vars&quot;:{&quot;columns&quot;:&quot;3&quot;,&quot;exclude_items&quot;:&quot;none&quot;,&quot;img_size&quot;:&quot;default&quot;,&quot;ignore_items_size&quot;:0,&quot;items_layout&quot;:&quot;295&quot;,&quot;items_offset&quot;:&quot;1&quot;,&quot;load_animation&quot;:&quot;fade&quot;,&quot;overriding_link&quot;:&quot;%7B%22type%22%3A%22post%22%7D&quot;,&quot;post_id&quot;:0,&quot;query_args&quot;:{&quot;post_type&quot;:[&quot;post&quot;],&quot;tax_query&quot;:[{&quot;taxonomy&quot;:&quot;category&quot;,&quot;field&quot;:&quot;slug&quot;,&quot;terms&quot;:[&quot;360-touren&quot;,&quot;3d&quot;,&quot;luftaufnahmen&quot;,&quot;baudoku&quot;,&quot;video&quot;,&quot;apps&quot;,&quot;sonstiges&quot;]}],&quot;post_status&quot;:[&quot;publish&quot;,&quot;wpzoom-hidden&quot;,&quot;wc-pending-wdraw&quot;,&quot;wc-withdrawn&quot;],&quot;posts_per_page&quot;:&quot;9&quot;},&quot;orderby_query_args&quot;:{&quot;orderby&quot;:{&quot;date&quot;:&quot;DESC&quot;}},&quot;type&quot;:&quot;grid&quot;,&quot;us_grid_post_type&quot;:&quot;post&quot;,&quot;us_grid_ajax_index&quot;:1,&quot;us_grid_filter_query_string&quot;:null,&quot;us_grid_index&quot;:1,&quot;page_args&quot;:[]}}'><\/div>\r\n\t<\/div><\/div><\/div><\/div><\/div><\/div><\/section>\n","protected":false},"excerpt":{"rendered":"Innovation zum Anfassen Als Teil des ersten GP Digitaltags bei GP G\u00fcnther Papenburg in Ammendorf, pr\u00e4sentierten wir wie 3D-gedruckte Teile entstehen. Wir demonstrierten live, wie Zahnr\u00e4der Schicht f\u00fcr Schicht entstehen \u2013 eine faszinierende Darstellung von Pr\u00e4zision und technologischer Innovation. Nicht nur die Zahnr\u00e4der waren Hingucker des Tages; wir hatten auch mehrere haptische Modelle dabei, die...","protected":false},"author":1,"featured_media":0,"parent":0,"menu_order":0,"comment_status":"closed","ping_status":"closed","template":"","meta":{"inline_featured_image":false,"pgc_sgb_lightbox_settings":"","footnotes":""},"class_list":["post-43","page","type-page","status-publish","hentry"],"_links":{"self":[{"href":"https:\/\/esmero.de\/en\/wp-json\/wp\/v2\/pages\/43","targetHints":{"allow":["GET"]}}],"collection":[{"href":"https:\/\/esmero.de\/en\/wp-json\/wp\/v2\/pages"}],"about":[{"href":"https:\/\/esmero.de\/en\/wp-json\/wp\/v2\/types\/page"}],"author":[{"embeddable":true,"href":"https:\/\/esmero.de\/en\/wp-json\/wp\/v2\/users\/1"}],"replies":[{"embeddable":true,"href":"https:\/\/esmero.de\/en\/wp-json\/wp\/v2\/comments?post=43"}],"version-history":[{"count":33,"href":"https:\/\/esmero.de\/en\/wp-json\/wp\/v2\/pages\/43\/revisions"}],"predecessor-version":[{"id":4776,"href":"https:\/\/esmero.de\/en\/wp-json\/wp\/v2\/pages\/43\/revisions\/4776"}],"wp:attachment":[{"href":"https:\/\/esmero.de\/en\/wp-json\/wp\/v2\/media?parent=43"}],"curies":[{"name":"wp","href":"https:\/\/api.w.org\/{rel}","templated":true}]}}